{"id":177,"date":"2018-12-06T17:35:59","date_gmt":"2018-12-06T16:35:59","guid":{"rendered":"https:\/\/portugueseplatform.pt\/2019\/2019\/?page_id=177"},"modified":"2019-05-21T09:19:00","modified_gmt":"2019-05-21T09:19:00","slug":"program","status":"publish","type":"page","link":"https:\/\/portugueseplatform.pt\/2019\/program\/","title":{"rendered":"Program"},"content":{"rendered":"<section class=\"wpb-content-wrapper\"><p>[vc_row full_width=&#8221;stretch_row_content_no_spaces&#8221; full_height=&#8221;yes&#8221; columns_placement=&#8221;top&#8221; equal_height=&#8221;yes&#8221; content_placement=&#8221;top&#8221; css=&#8221;.vc_custom_1551212698605{margin-top: -60px !important;}&#8221;][vc_column offset=&#8221;vc_hidden-xs&#8221;][vc_row_inner equal_height=&#8221;yes&#8221; gap=&#8221;4&#8243; css=&#8221;.vc_custom_1551213579810{margin-right: 80px !important;margin-left: 0px !important;}&#8221;][vc_column_inner width=&#8221;1\/6&#8243;][\/vc_column_inner][vc_column_inner width=&#8221;1\/5&#8243; css=&#8221;.vc_custom_1551217314985{background-position: center !important;background-repeat: no-repeat !important;background-size: cover !important;}&#8221; offset=&#8221;vc_hidden-xs&#8221;][vc_custom_heading text=&#8221;wednesday 5th june&#8221; font_container=&#8221;tag:h4|text_align:center|color:%2300adef&#8221; use_theme_fonts=&#8221;yes&#8221;][\/vc_column_inner][vc_column_inner width=&#8221;1\/5&#8243; css=&#8221;.vc_custom_1551217320509{background-position: center !important;background-repeat: no-repeat !important;background-size: cover !important;}&#8221; offset=&#8221;vc_hidden-xs&#8221;][vc_custom_heading text=&#8221;thursday 6th june&#8221; font_container=&#8221;tag:h4|text_align:center|color:%2300adef&#8221; use_theme_fonts=&#8221;yes&#8221;][\/vc_column_inner][vc_column_inner width=&#8221;1\/5&#8243; css=&#8221;.vc_custom_1551217324945{background-position: center !important;background-repeat: no-repeat !important;background-size: cover !important;}&#8221; offset=&#8221;vc_hidden-xs&#8221;][vc_custom_heading text=&#8221;friday 7th june&#8221; font_container=&#8221;tag:h4|text_align:center|color:%2300adef&#8221; use_theme_fonts=&#8221;yes&#8221;][\/vc_column_inner][vc_column_inner width=&#8221;1\/5&#8243; css=&#8221;.vc_custom_1551217329555{background-position: center !important;background-repeat: no-repeat !important;background-size: cover !important;}&#8221; offset=&#8221;vc_hidden-xs&#8221;][vc_custom_heading text=&#8221;saturday 8th june&#8221; font_container=&#8221;tag:h4|text_align:center|color:%2300adef&#8221; use_theme_fonts=&#8221;yes&#8221;][\/vc_column_inner][\/vc_row_inner][vc_row_inner equal_height=&#8221;yes&#8221; gap=&#8221;4&#8243; css=&#8221;.vc_custom_1551213572928{margin-right: 80px !important;margin-left: 0px !important;}&#8221;][vc_column_inner width=&#8221;1\/6&#8243; css=&#8221;.vc_custom_1551217388787{margin-right: 40px !important;margin-left: -40px !important;}&#8221; offset=&#8221;vc_hidden-xs&#8221;][vc_empty_space height=&#8221;2vw&#8221;][vc_custom_heading text=&#8221;10h30m&#8221; font_container=&#8221;tag:h3|text_align:right&#8221; use_theme_fonts=&#8221;yes&#8221;][\/vc_column_inner][vc_column_inner width=&#8221;1\/5&#8243; css=&#8221;.vc_custom_1551216371261{background-color: rgba(221,221,221,0.5) !important;background-position: center !important;background-repeat: no-repeat !important;background-size: cover !important;*background-color: rgb(221,221,221) !important;}&#8221;][\/vc_column_inner][vc_column_inner width=&#8221;1\/5&#8243; css=&#8221;.vc_custom_1551216377690{background-color: rgba(221,221,221,0.5) !important;background-position: center !important;background-repeat: no-repeat !important;background-size: cover !important;*background-color: rgb(221,221,221) !important;}&#8221;][\/vc_column_inner][vc_column_inner width=&#8221;1\/5&#8243; css=&#8221;.vc_custom_1551213671541{background-color: #dddddd !important;background-position: center !important;background-repeat: no-repeat !important;background-size: cover !important;}&#8221;][vc_column_text]<\/p>\n<p style=\"text-align: center;\"><strong><span style=\"color: #666666; font-size: 20px;\">2nd Coffee\/meet the artist<\/span><\/strong><\/p>\n<p style=\"text-align: center;\"><span style=\"color: #ffffff;\">Cl\u00e1udia Dias<\/span><br \/>\n<span style=\"color: #00ccff;\"><small>Ameira Hotel<\/small><\/span><\/p>\n<p>[\/vc_column_text][\/vc_column_inner][vc_column_inner width=&#8221;1\/5&#8243; css=&#8221;.vc_custom_1551213682323{background-color: #dddddd !important;background-position: center !important;background-repeat: no-repeat !important;background-size: cover !important;}&#8221;][vc_column_text]<\/p>\n<p style=\"text-align: center;\"><strong><span style=\"color: #666666; font-size: 20px;\">2nd Coffee\/meet the artist<\/span><\/strong><\/p>\n<p style=\"text-align: center;\"><span style=\"color: #ffffff;\">Raquel Andr\u00e9<\/span><br \/>\n<span style=\"color: #00ccff;\"><small>Ameira Hotel<\/small><\/span><\/p>\n<p>[\/vc_column_text][\/vc_column_inner][\/vc_row_inner][vc_row_inner equal_height=&#8221;yes&#8221; gap=&#8221;4&#8243; css=&#8221;.vc_custom_1551213532890{margin-right: 80px !important;margin-left: 0px !important;}&#8221;][vc_column_inner width=&#8221;1\/6&#8243; css=&#8221;.vc_custom_1551217397505{margin-right: 40px !important;margin-left: -40px !important;}&#8221; offset=&#8221;vc_hidden-xs&#8221;][vc_empty_space height=&#8221;6vw&#8221;][vc_custom_heading text=&#8221;12h00m&#8221; font_container=&#8221;tag:h3|text_align:right&#8221; use_theme_fonts=&#8221;yes&#8221;][\/vc_column_inner][vc_column_inner width=&#8221;1\/5&#8243; css=&#8221;.vc_custom_1551216386853{background-color: rgba(221,221,221,0.5) !important;background-position: center !important;background-repeat: no-repeat !important;background-size: cover !important;*background-color: rgb(221,221,221) !important;}&#8221;][\/vc_column_inner][vc_column_inner width=&#8221;1\/5&#8243; css=&#8221;.vc_custom_1555074628116{background: #dddddd url(https:\/\/portugueseplatform.pt\/2019\/wp-content\/uploads\/2019\/04\/Alla-Prima-1170&#215;836.jpg?id=1000) !important;background-position: center !important;background-repeat: no-repeat !important;background-size: cover !important;}&#8221;][vc_empty_space height=&#8221;5vw&#8221;][vc_column_text css=&#8221;.vc_custom_1555405828889{background-color: rgba(0,0,0,0.4) !important;*background-color: rgb(0,0,0) !important;}&#8221;]<\/p>\n<p style=\"text-align: center;\"><a href=\"..\/allaprima\/\"><strong><span style=\"color: #ffffff; font-size: 20px;\">Tiago Cadete<\/span><\/strong><\/a><br \/>\n<span style=\"color: #ffffff;\">Alla Prima<\/span><br \/>\n<span style=\"color: #00ccff;\"><small>dance\/performace 50&#8242;<\/small><\/span><br \/>\n<span style=\"color: #00ccff;\"><small>Black Box<\/small><\/span><\/p>\n<p>[\/vc_column_text][\/vc_column_inner][vc_column_inner width=&#8221;1\/5&#8243; css=&#8221;.vc_custom_1551824586173{background-image: url(https:\/\/portugueseplatform.pt\/2019\/wp-content\/uploads\/2018\/12\/muytemaker_1.jpg?id=201) !important;background-position: center !important;background-repeat: no-repeat !important;background-size: cover !important;}&#8221;][vc_empty_space height=&#8221;5vw&#8221;][vc_column_text css=&#8221;.vc_custom_1551216593359{background-color: rgba(0,0,0,0.4) !important;*background-color: rgb(0,0,0) !important;}&#8221;]<\/p>\n<p style=\"text-align: center;\"><a href=\"..\/muyte-maker\/\"><strong><span style=\"color: #ffffff; font-size: 20px;\">Muyte Maker<\/span><\/strong><\/a><br \/>\n<span style=\"color: #ffffff;\">Flora D\u00e9traz<\/span><br \/>\n<span style=\"color: #00ccff;\"><small>performance 60&#8242;<\/small><\/span><br \/>\n<span style=\"color: #00ccff;\"><small>Black Box<\/small><\/span><\/p>\n<p>[\/vc_column_text][\/vc_column_inner][vc_column_inner width=&#8221;1\/5&#8243; css=&#8221;.vc_custom_1551865270445{background-image: url(https:\/\/portugueseplatform.pt\/2019\/wp-content\/uploads\/2019\/02\/3TIEFS-19-\u00a9Joana-Dil\u00e3o.jpg?id=582) !important;background-position: center !important;background-repeat: no-repeat !important;background-size: cover !important;}&#8221;][vc_empty_space height=&#8221;5vw&#8221;][vc_column_text css=&#8221;.vc_custom_1551216656782{background-color: rgba(0,0,0,0.4) !important;*background-color: rgb(0,0,0) !important;}&#8221;]<\/p>\n<p style=\"text-align: center;\"><a href=\"..\/triste-in-english-from-spanish\/\"><strong><span style=\"color: #ffffff; font-size: 20px;\">Triste in English from Spanish<\/span><\/strong><\/a><br \/>\n<span style=\"color: #ffffff;\">S\u00f3nia Baptista<\/span><br \/>\n<span style=\"color: #00ccff;\"><small>dance\/performance 60&#8242;<\/small><\/span><br \/>\n<span style=\"color: #00ccff;\"><small>Black Box<\/small><\/span><\/p>\n<p>[\/vc_column_text][\/vc_column_inner][\/vc_row_inner][vc_row_inner equal_height=&#8221;yes&#8221; gap=&#8221;4&#8243; css=&#8221;.vc_custom_1551213572928{margin-right: 80px !important;margin-left: 0px !important;}&#8221;][vc_column_inner width=&#8221;1\/6&#8243; css=&#8221;.vc_custom_1551217407716{margin-right: 40px !important;margin-left: -40px !important;}&#8221; offset=&#8221;vc_hidden-xs&#8221;][vc_custom_heading text=&#8221;13h15m&#8221; font_container=&#8221;tag:h3|text_align:right&#8221; use_theme_fonts=&#8221;yes&#8221; css=&#8221;.vc_custom_1551217122399{padding-top: 10px !important;}&#8221;][\/vc_column_inner][vc_column_inner width=&#8221;4\/5&#8243; css=&#8221;.vc_custom_1551213634394{background-color: #dddddd !important;background-position: center !important;background-repeat: no-repeat !important;background-size: cover !important;}&#8221;][vc_column_text]<\/p>\n<p style=\"text-align: center;\"><strong><span style=\"color: #666666; font-size: 20px;\">lunch<\/span><\/strong>[\/vc_column_text][\/vc_column_inner][\/vc_row_inner][vc_row_inner equal_height=&#8221;yes&#8221; gap=&#8221;4&#8243; css=&#8221;.vc_custom_1551213532890{margin-right: 80px !important;margin-left: 0px !important;}&#8221;][vc_column_inner width=&#8221;1\/6&#8243; css=&#8221;.vc_custom_1551217413318{margin-right: 40px !important;margin-left: -40px !important;}&#8221; offset=&#8221;vc_hidden-xs&#8221;][vc_empty_space height=&#8221;6vw&#8221;][vc_custom_heading text=&#8221;14h30m&#8221; font_container=&#8221;tag:h3|text_align:right&#8221; use_theme_fonts=&#8221;yes&#8221;][\/vc_column_inner][vc_column_inner width=&#8221;1\/5&#8243; css=&#8221;.vc_custom_1551216396326{background-color: rgba(221,221,221,0.5) !important;background-position: center !important;background-repeat: no-repeat !important;background-size: cover !important;*background-color: rgb(221,221,221) !important;}&#8221;][\/vc_column_inner][vc_column_inner width=&#8221;1\/5&#8243; css=&#8221;.vc_custom_1551215016736{background-image: url(https:\/\/portugueseplatform.pt\/2019\/wp-content\/uploads\/2019\/02\/IMG_5053.jpg?id=570) !important;background-position: center !important;background-repeat: no-repeat !important;background-size: cover !important;}&#8221;][vc_empty_space height=&#8221;5vw&#8221;][vc_column_text css=&#8221;.vc_custom_1551216688662{background-color: rgba(0,0,0,0.4) !important;*background-color: rgb(0,0,0) !important;}&#8221;]<\/p>\n<p style=\"text-align: center;\"><a href=\"..\/turning-backs\/\"><strong><span style=\"color: #ffffff; font-size: 20px;\">Turning Backs<\/span><\/strong><\/a><br \/>\n<span style=\"color: #ffffff;\">L\u00edgia Soares\/Rita Vilhena\/Diogo Alvim<\/span><br \/>\n<span style=\"color: #00ccff;\"><small>performance 50&#8242;<\/small><\/span><br \/>\n<span style=\"color: #00ccff;\"><small>Curvo Semedo Theatre &#8211; Studio<\/small><\/span><\/p>\n<p>[\/vc_column_text][\/vc_column_inner][vc_column_inner width=&#8221;1\/5&#8243; css=&#8221;.vc_custom_1551215071587{background-image: url(https:\/\/portugueseplatform.pt\/2019\/wp-content\/uploads\/2019\/02\/IMG_5053.jpg?id=570) !important;background-position: center !important;background-repeat: no-repeat !important;background-size: cover !important;}&#8221;][vc_empty_space height=&#8221;5vw&#8221;][vc_column_text css=&#8221;.vc_custom_1551216696616{background-color: rgba(0,0,0,0.4) !important;*background-color: rgb(0,0,0) !important;}&#8221;]<\/p>\n<p style=\"text-align: center;\"><a href=\"..\/turning-backs\/\"><strong><span style=\"color: #ffffff; font-size: 20px;\">Turning Backs<\/span><\/strong><\/a><br \/>\n<span style=\"color: #ffffff;\">L\u00edgia Soares\/Rita Vilhena\/Diogo Alvim<\/span><br \/>\n<span style=\"color: #00ccff;\"><small>performance 50&#8242;<\/small><\/span><br \/>\n<span style=\"color: #00ccff;\"><small>Curvo Semedo Theatre &#8211; Studio<\/small><\/span><\/p>\n<p>[\/vc_column_text][\/vc_column_inner][vc_column_inner width=&#8221;1\/5&#8243; css=&#8221;.vc_custom_1551216402477{background-color: rgba(221,221,221,0.5) !important;background-position: center !important;background-repeat: no-repeat !important;background-size: cover !important;*background-color: rgb(221,221,221) !important;}&#8221;][\/vc_column_inner][\/vc_row_inner][vc_row_inner equal_height=&#8221;yes&#8221; gap=&#8221;4&#8243; css=&#8221;.vc_custom_1551213532890{margin-right: 80px !important;margin-left: 0px !important;}&#8221;][vc_column_inner width=&#8221;1\/6&#8243; css=&#8221;.vc_custom_1551217417639{margin-right: 40px !important;margin-left: -40px !important;}&#8221; offset=&#8221;vc_hidden-xs&#8221;][vc_empty_space height=&#8221;6vw&#8221;][vc_custom_heading text=&#8221;16h00m&#8221; font_container=&#8221;tag:h3|text_align:right&#8221; use_theme_fonts=&#8221;yes&#8221;][\/vc_column_inner][vc_column_inner width=&#8221;1\/5&#8243; css=&#8221;.vc_custom_1551824417273{background: #dddddd url(https:\/\/portugueseplatform.pt\/2019\/wp-content\/uploads\/2019\/03\/SER0960.jpg?id=746) !important;background-position: center !important;background-repeat: no-repeat !important;background-size: cover !important;}&#8221;][vc_empty_space height=&#8221;5vw&#8221;][vc_column_text css=&#8221;.vc_custom_1555405944431{background-color: rgba(0,0,0,0.4) !important;*background-color: rgb(0,0,0) !important;}&#8221;]<\/p>\n<p style=\"text-align: center;\"><a href=\"..\/stand-still-you-ever-moving-spheres-of-heaven\/\"><strong><span style=\"color: #ffffff; font-size: 20px;\">Stand still you ever-moving spheres of heaven<\/span><\/strong><\/a><br \/>\n<span style=\"color: #ffffff;\">Henrique Furtado Vieira &amp; Chiara Taviani<\/span><br \/>\n<span style=\"color: #00ccff;\"><small>dance 50&#8242;<\/small><\/span><br \/>\n<span style=\"color: #00ccff;\"><small>Sociedade Carlista<\/small><\/span><\/p>\n<p>[\/vc_column_text][\/vc_column_inner][vc_column_inner width=&#8221;1\/5&#8243; css=&#8221;.vc_custom_1551865033455{background-image: url(https:\/\/portugueseplatform.pt\/2019\/wp-content\/uploads\/2019\/02\/87A3623_ALIPIOPADILHA.jpg?id=577) !important;background-position: center !important;background-repeat: no-repeat !important;background-size: cover !important;}&#8221;][vc_empty_space height=&#8221;5vw&#8221;][vc_column_text css=&#8221;.vc_custom_1551216726277{background-color: rgba(0,0,0,0.4) !important;*background-color: rgb(0,0,0) !important;}&#8221;]<\/p>\n<p style=\"text-align: center;\"><a href=\"..\/before\/\"><strong><span style=\"color: #ffffff; font-size: 20px;\">Before<\/span><\/strong><\/a><br \/>\n<span style=\"color: #ffffff;\">Pedro Penim<\/span><br \/>\n<span style=\"color: #00ccff;\"><small>theatre 50&#8242;<\/small><\/span><br \/>\n<span style=\"color: #00ccff;\"><small>Sociedade Carlista<\/small><\/span><\/p>\n<p>[\/vc_column_text][\/vc_column_inner][vc_column_inner width=&#8221;1\/5&#8243; css=&#8221;.vc_custom_1551864960720{background-image: url(https:\/\/portugueseplatform.pt\/2019\/wp-content\/uploads\/2019\/02\/3\u00a9-Jos\u00e9-Caldeira.jpg?id=612) !important;background-position: center !important;background-repeat: no-repeat !important;background-size: cover !important;}&#8221;][vc_empty_space height=&#8221;5vw&#8221;][vc_column_text css=&#8221;.vc_custom_1551216750195{background-color: rgba(0,0,0,0.4) !important;*background-color: rgb(0,0,0) !important;}&#8221;]<\/p>\n<p style=\"text-align: center;\"><a href=\"..\/um-unimal\/\"><strong><span style=\"color: #ffffff; font-size: 20px;\">UM [Unimal]<\/span><\/strong><\/a><br \/>\n<span style=\"color: #ffffff;\">Cristina Planas Leit\u00e3o<\/span><br \/>\n<span style=\"color: #00ccff;\"><small>dance 60&#8242;<\/small><\/span><br \/>\n<span style=\"color: #00ccff;\"><small>Sociedade Carlista<\/small><\/span><\/p>\n<p>[\/vc_column_text][\/vc_column_inner][vc_column_inner width=&#8221;1\/5&#8243; css=&#8221;.vc_custom_1551864745963{background-image: url(https:\/\/portugueseplatform.pt\/2019\/wp-content\/uploads\/2018\/11\/OQNA_SV-2018_5.jpg?id=190) !important;background-position: center !important;background-repeat: no-repeat !important;background-size: cover !important;}&#8221;][vc_empty_space height=&#8221;5vw&#8221;][vc_column_text css=&#8221;.vc_custom_1551366149888{background-color: rgba(0,0,0,0.4) !important;*background-color: rgb(0,0,0) !important;}&#8221;]<\/p>\n<p style=\"text-align: center;\"><a href=\"..\/o-que-nao-acontece\/\"><strong><span style=\"color: #ffffff; font-size: 20px;\">What does not happen<\/span><\/strong><\/a><br \/>\n<span style=\"color: #ffffff;\">Sofia Dias e V\u00edtor Roriz<\/span><br \/>\n<span style=\"color: #00ccff;\"><small>dance 70&#8242;<\/small><\/span><br \/>\n<span style=\"color: #00ccff;\"><small>Sociedade Carlista<\/small><\/span><\/p>\n<p>[\/vc_column_text][\/vc_column_inner][\/vc_row_inner][vc_row_inner equal_height=&#8221;yes&#8221; gap=&#8221;4&#8243; css=&#8221;.vc_custom_1551213532890{margin-right: 80px !important;margin-left: 0px !important;}&#8221;][vc_column_inner width=&#8221;1\/6&#8243; css=&#8221;.vc_custom_1551217451519{margin-right: 40px !important;margin-left: -40px !important;}&#8221; offset=&#8221;vc_hidden-xs&#8221;][vc_empty_space height=&#8221;6vw&#8221;][vc_custom_heading text=&#8221;18h00m&#8221; font_container=&#8221;tag:h3|text_align:right&#8221; use_theme_fonts=&#8221;yes&#8221;][\/vc_column_inner][vc_column_inner width=&#8221;1\/5&#8243; css=&#8221;.vc_custom_1551865039575{background-image: url(https:\/\/portugueseplatform.pt\/2019\/wp-content\/uploads\/2019\/02\/4.-NEW-CREATION-\u00a9-Bruno-Sim\u00e3o-1.jpg?id=601) !important;background-position: center !important;background-repeat: no-repeat !important;background-size: cover !important;}&#8221;][vc_empty_space height=&#8221;5vw&#8221;][vc_column_text css=&#8221;.vc_custom_1551216811173{background-color: rgba(0,0,0,0.4) !important;*background-color: rgb(0,0,0) !important;}&#8221;]<\/p>\n<p style=\"text-align: center;\"><a href=\"..\/new-creation\/\"><strong><span style=\"color: #ffffff; font-size: 20px;\">New Creation<\/span><\/strong><\/a><br \/>\n<span style=\"color: #ffffff;\">Filipe Pereira e Teresa Silva<\/span><br \/>\n<span style=\"color: #00ccff;\"><small>dance 50&#8242;<\/small><br \/>\n<\/span><span style=\"color: #00ccff;\"><small>Secondary School Gymnasium<\/small><\/span><\/p>\n<p>[\/vc_column_text][\/vc_column_inner][vc_column_inner width=&#8221;1\/5&#8243; css=&#8221;.vc_custom_1551865044046{background-image: url(https:\/\/portugueseplatform.pt\/2019\/wp-content\/uploads\/2018\/12\/Cartografia_1.jpg?id=206) !important;background-position: center !important;background-repeat: no-repeat !important;background-size: cover !important;}&#8221;][vc_empty_space height=&#8221;5vw&#8221;][vc_column_text css=&#8221;.vc_custom_1551216838797{background-color: rgba(0,0,0,0.4) !important;*background-color: rgb(0,0,0) !important;}&#8221;]<\/p>\n<p style=\"text-align: center;\"><a href=\"..\/ensaio-para-uma-cartografia\/\"><strong><span style=\"color: #ffffff; font-size: 20px;\">Rehearsal for a Cartography<\/span><\/strong><\/a><br \/>\n<span style=\"color: #ffffff;\">M\u00f3nica Calle<\/span><br \/>\n<span style=\"color: #00ccff;\"><small>dance\/performance\/music 105&#8242;<\/small><br \/>\n<\/span><span style=\"color: #00ccff;\"><small>Secondary School Gymnasium<\/small><\/span><\/p>\n<p>[\/vc_column_text][\/vc_column_inner][vc_column_inner width=&#8221;1\/5&#8243; css=&#8221;.vc_custom_1551865069078{background-image: url(https:\/\/portugueseplatform.pt\/2019\/wp-content\/uploads\/2019\/02\/OLA-EU-SOU-PAI-NATAL-STILL-046.jpg?id=605) !important;background-position: center !important;background-repeat: no-repeat !important;background-size: cover !important;}&#8221;][vc_empty_space height=&#8221;5vw&#8221;][vc_column_text css=&#8221;.vc_custom_1554387396881{background-color: rgba(0,0,0,0.4) !important;*background-color: rgb(0,0,0) !important;}&#8221;]<\/p>\n<p style=\"text-align: center;\"><a href=\"..\/hi-am-santa-claus\/\"><strong><span style=\"color: #ffffff; font-size: 20px;\">Hi, I am Santa Claus<\/span><\/strong><\/a><br \/>\n<span style=\"color: #ffffff;\"> Tiago Barbosa<\/span><br \/>\n<span style=\"color: #00ccff;\"><small> theatre 75&#8242;<\/small><br \/>\n<\/span><span style=\"color: #00ccff;\"><small>Curvo Semedo Theater \u2013 Main Stage<\/small><\/span><\/p>\n<p>[\/vc_column_text][\/vc_column_inner][vc_column_inner width=&#8221;1\/5&#8243; css=&#8221;.vc_custom_1551865080024{background-image: url(https:\/\/portugueseplatform.pt\/2019\/wp-content\/uploads\/2019\/02\/J496-0347-copy.jpg?id=591) !important;background-position: center !important;background-repeat: no-repeat !important;background-size: cover !important;}&#8221;][vc_empty_space height=&#8221;5vw&#8221;][vc_column_text css=&#8221;.vc_custom_1551216889678{background-color: rgba(0,0,0,0.4) !important;*background-color: rgb(0,0,0) !important;}&#8221;]<\/p>\n<p style=\"text-align: center;\"><a href=\"..\/doesdicon\/\"><strong><span style=\"color: #ffffff; font-size: 20px;\">Doesdicon<\/span><\/strong><\/a><br \/>\n<span style=\"color: #ffffff;\">T\u00e2nia Carvalho\/Grupo Dan\u00e7ando com a Diferen\u00e7a<\/span><br \/>\n<span style=\"color: #00ccff;\"><small>dance 45&#8242;<\/small><br \/>\n<\/span><span style=\"color: #00ccff;\"><small>Curvo Semedo Theatre &#8211; Main Stage<\/small><\/span><\/p>\n<p>[\/vc_column_text][\/vc_column_inner][\/vc_row_inner][vc_row_inner equal_height=&#8221;yes&#8221; gap=&#8221;4&#8243; css=&#8221;.vc_custom_1551213572928{margin-right: 80px !important;margin-left: 0px !important;}&#8221;][vc_column_inner width=&#8221;1\/6&#8243; css=&#8221;.vc_custom_1551217445466{margin-right: 40px !important;margin-left: -40px !important;}&#8221; offset=&#8221;vc_hidden-xs&#8221;][vc_custom_heading text=&#8221;20h00m&#8221; font_container=&#8221;tag:h3|text_align:right&#8221; use_theme_fonts=&#8221;yes&#8221; css=&#8221;.vc_custom_1551217139698{padding-top: 10px !important;}&#8221;][\/vc_column_inner][vc_column_inner width=&#8221;4\/5&#8243; css=&#8221;.vc_custom_1551213634394{background-color: #dddddd !important;background-position: center !important;background-repeat: no-repeat !important;background-size: cover !important;}&#8221;][vc_column_text]<\/p>\n<p style=\"text-align: center;\"><strong><span style=\"color: #666666; font-size: 20px;\">dinner<\/span><\/strong><\/p>\n<p>[\/vc_column_text][\/vc_column_inner][\/vc_row_inner][vc_row_inner equal_height=&#8221;yes&#8221; gap=&#8221;4&#8243; css=&#8221;.vc_custom_1551213532890{margin-right: 80px !important;margin-left: 0px !important;}&#8221;][vc_column_inner width=&#8221;1\/6&#8243; css=&#8221;.vc_custom_1551217438558{margin-right: 40px !important;margin-left: -40px !important;}&#8221; offset=&#8221;vc_hidden-xs&#8221;][vc_empty_space height=&#8221;6vw&#8221;][vc_custom_heading text=&#8221;21h30m&#8221; font_container=&#8221;tag:h3|text_align:right&#8221; use_theme_fonts=&#8221;yes&#8221;][\/vc_column_inner][vc_column_inner width=&#8221;1\/5&#8243; css=&#8221;.vc_custom_1551865089236{background: #dddddd url(https:\/\/portugueseplatform.pt\/2019\/wp-content\/uploads\/2019\/03\/ndvzvytrgyunqb19rs9zd8.jpg?id=728) !important;background-position: center !important;background-repeat: no-repeat !important;background-size: cover !important;}&#8221;][vc_empty_space height=&#8221;5vw&#8221;][vc_column_text css=&#8221;.vc_custom_1555406002480{background-color: rgba(0,0,0,0.4) !important;*background-color: rgb(0,0,0) !important;}&#8221;]<\/p>\n<p style=\"text-align: center;\"><a href=\"..\/provisional-figures\/\"><strong><span style=\"color: #ffffff; font-size: 20px;\">Provisional Figures<\/span><\/strong><\/a><br \/>\n<span style=\"color: #ffffff;\">Marco Martins<\/span><br \/>\n<span style=\"color: #00ccff;\"><small>theatre 90&#8242;<\/small><\/span><br \/>\n<span style=\"color: #00ccff;\"><small>Curvo Semedo Theatre &#8211; Main Stage<\/small><\/span><\/p>\n<p>[\/vc_column_text][\/vc_column_inner][vc_column_inner width=&#8221;1\/5&#8243; css=&#8221;.vc_custom_1551731863461{background: #dddddd url(https:\/\/portugueseplatform.pt\/2019\/wp-content\/uploads\/2019\/02\/1K9A3168_Amores_alta\u00a9Filipe-Ferreira-2019.jpg?id=736) !important;background-position: center !important;background-repeat: no-repeat !important;background-size: cover !important;}&#8221;][vc_empty_space height=&#8221;5vw&#8221;][vc_column_text css=&#8221;.vc_custom_1558360812201{background-color: rgba(0,0,0,0.4) !important;*background-color: rgb(0,0,0) !important;}&#8221;]<\/p>\n<p style=\"text-align: center;\"><a href=\"..\/postcolonial-loves\/\"><strong><span style=\"color: #ffffff; font-size: 20px;\"> Postcolonial Loves <\/span><\/strong><\/a><br \/>\n<span style=\"color: #ffffff;\">Hotel Europa (Andr\u00e9 Am\u00e1lio e Tereza Havl\u00ed\u010dkova)<\/span><br \/>\n<span style=\"color: #00ccff;\"><small>theatre 105&#8242;<\/small><\/span><br \/>\n<span style=\"color: #00ccff;\"><small>Curvo Semedo Theatre &#8211; Main Stage<\/small><\/span><\/p>\n<p>[\/vc_column_text][\/vc_column_inner][vc_column_inner width=&#8221;1\/5&#8243; css=&#8221;.vc_custom_1551868970736{background: #dddddd url(https:\/\/portugueseplatform.pt\/2019\/wp-content\/uploads\/2019\/03\/DSC_7616_\u00a9-Jos\u00e9-Caldeira.jpg?id=766) !important;background-position: center !important;background-repeat: no-repeat !important;background-size: cover !important;}&#8221;][vc_empty_space height=&#8221;5vw&#8221;][vc_column_text css=&#8221;.vc_custom_1555405901168{background-color: rgba(0,0,0,0.4) !important;*background-color: rgb(0,0,0) !important;}&#8221;]<\/p>\n<p style=\"text-align: center;\"><a href=\"..\/bisonte\/\"><strong><span style=\"color: #ffffff; font-size: 20px;\"> Bisonte <\/span><\/strong><\/a><br \/>\n<span style=\"color: #ffffff;\">Marco da Silva Ferreira<\/span><br \/>\n<span style=\"color: #00ccff;\"><small> dance 50&#8242;<\/small><\/span><br \/>\n<span style=\"color: #00ccff;\"><small>Secondary School Gymnasium<\/small><\/span><\/p>\n<p>[\/vc_column_text][\/vc_column_inner][vc_column_inner width=&#8221;1\/5&#8243; css=&#8221;.vc_custom_1551216290434{background-image: url(https:\/\/portugueseplatform.pt\/2019\/wp-content\/uploads\/2019\/02\/2.-LENTO-E-LARGO_JL\u00a9Tiago-Coelho-.jpg?id=494) !important;background-position: center !important;background-repeat: no-repeat !important;background-size: cover !important;}&#8221;][vc_empty_space height=&#8221;5vw&#8221;][vc_column_text css=&#8221;.vc_custom_1551216958700{background-color: rgba(0,0,0,0.4) !important;*background-color: rgb(0,0,0) !important;}&#8221;]<\/p>\n<p style=\"text-align: center;\"><a href=\"..\/lento-e-largo\/\"><strong><span style=\"color: #ffffff; font-size: 20px;\">Lento e Largo<\/span><\/strong><\/a><br \/>\n<span style=\"color: #ffffff;\">Jonas &amp; Lander<\/span><br \/>\n<span style=\"color: #00ccff;\"><small>dance 60&#8242;<\/small><\/span><br \/>\n<span style=\"color: #00ccff;\"><small>Secondary School Gymnasium<\/small><\/span><\/p>\n<p>[\/vc_column_text][\/vc_column_inner][\/vc_row_inner][vc_row_inner equal_height=&#8221;yes&#8221; gap=&#8221;4&#8243; css=&#8221;.vc_custom_1551213532890{margin-right: 80px !important;margin-left: 0px !important;}&#8221;][vc_column_inner width=&#8221;1\/6&#8243; css=&#8221;.vc_custom_1551217433716{margin-right: 40px !important;margin-left: -40px !important;}&#8221; offset=&#8221;vc_hidden-xs&#8221;][vc_empty_space height=&#8221;6vw&#8221;][vc_custom_heading text=&#8221;23h00m&#8221; font_container=&#8221;tag:h3|text_align:right&#8221; use_theme_fonts=&#8221;yes&#8221;][\/vc_column_inner][vc_column_inner width=&#8221;1\/5&#8243; css=&#8221;.vc_custom_1551215900578{background-color: #dddddd !important;background-position: center !important;background-repeat: no-repeat !important;background-size: cover !important;}&#8221;][\/vc_column_inner][vc_column_inner width=&#8221;1\/5&#8243; css=&#8221;.vc_custom_1556707209508{background: #dddddd url(https:\/\/portugueseplatform.pt\/2019\/wp-content\/uploads\/2019\/03\/BURN-TIME_\u00a9DK-thumbmnail-Izgorevanje_02.jpg?id=828) !important;background-position: center !important;background-repeat: no-repeat !important;background-size: cover !important;}&#8221;][vc_empty_space height=&#8221;5vw&#8221;][vc_column_text css=&#8221;.vc_custom_1558360757522{background-color: rgba(0,0,0,0.4) !important;*background-color: rgb(0,0,0) !important;}&#8221;]<\/p>\n<p style=\"text-align: center;\"><a href=\"..\/burn-time\/\"><strong><span style=\"color: #ffffff; font-size: 20px;\">Burn Time<\/span><\/strong><\/a><br \/>\n<span style=\"color: #ffffff;\">Andr\u00e9 Uerba<\/span><br \/>\n<span style=\"color: #00ccff;\"><small>instalation\/performance 45 \u0301<\/small><\/span><br \/>\n<span style=\"color: #00ccff;\"><small>S\u00e3o Domingos Church<\/small><\/span><\/p>\n<p>[\/vc_column_text][\/vc_column_inner][vc_column_inner width=&#8221;1\/5&#8243; css=&#8221;.vc_custom_1556707695040{background: #dddddd url(https:\/\/portugueseplatform.pt\/2019\/wp-content\/uploads\/2019\/05\/duploc_barulin_web.jpeg?id=1049) !important;background-position: center !important;background-repeat: no-repeat !important;background-size: cover !important;}&#8221;][vc_empty_space height=&#8221;5vw&#8221;][vc_column_text css=&#8221;.vc_custom_1558360897175{background-color: rgba(0,0,0,0.4) !important;*background-color: rgb(0,0,0) !important;}&#8221;]<\/p>\n<p style=\"text-align: center;\"><a href=\"..\/duploc-barulin-2019\/\"><strong><span style=\"color: #ffffff; font-size: 20px;\">Duploc Barulin (2019)<\/span><\/strong><\/a><br \/>\n<span style=\"color: #ffffff;\">T\u00e2nia Carvalho<\/span><br \/>\n<span style=\"color: #00ccff;\"><small>concert 50\u00b4<\/small><\/span><br \/>\n<small><\/small><\/p>\n<p>[\/vc_column_text][\/vc_column_inner][vc_column_inner width=&#8221;1\/5&#8243; css=&#8221;.vc_custom_1551215882882{background-color: #dddddd !important;background-position: center !important;background-repeat: no-repeat !important;background-size: cover !important;}&#8221;][\/vc_column_inner][\/vc_row_inner][\/vc_column][\/vc_row][vc_row][vc_column offset=&#8221;vc_hidden-lg vc_hidden-md vc_hidden-sm&#8221;][vc_basic_grid post_type=&#8221;portfolio&#8221; max_items=&#8221;-1&#8243; element_width=&#8221;6&#8243; gap=&#8221;4&#8243; item=&#8221;678&#8243; grid_id=&#8221;vc_gid:1558430161391-ea22077e-a6f6-7&#8243;][\/vc_column][\/vc_row]<\/p>\n<\/section>","protected":false},"excerpt":{"rendered":"<p>[vc_row full_width=&#8221;stretch_row_content_no_spaces&#8221; full_height=&#8221;yes&#8221; columns_placement=&#8221;top&#8221; equal_height=&#8221;yes&#8221; content_placement=&#8221;top&#8221; css=&#8221;.vc_custom_1551212698605{margin-top: -60px !important;}&#8221;][vc_column offset=&#8221;vc_hidden-xs&#8221;][vc_row_inner equal_height=&#8221;yes&#8221; gap=&#8221;4&#8243; css=&#8221;.vc_custom_1551213579810{margin-right: 80px !important;margin-left: 0px !important;}&#8221;][vc_column_inner width=&#8221;1\/6&#8243;][\/vc_column_inner][vc_column_inner width=&#8221;1\/5&#8243; css=&#8221;.vc_custom_1551217314985{background-position: center !important;background-repeat: no-repeat [&hellip;]<\/p>\n","protected":false},"author":1,"featured_media":0,"parent":0,"menu_order":0,"comment_status":"closed","ping_status":"closed","template":"","meta":[],"_links":{"self":[{"href":"https:\/\/portugueseplatform.pt\/2019\/wp-json\/wp\/v2\/pages\/177"}],"collection":[{"href":"https:\/\/portugueseplatform.pt\/2019\/wp-json\/wp\/v2\/pages"}],"about":[{"href":"https:\/\/portugueseplatform.pt\/2019\/wp-json\/wp\/v2\/types\/page"}],"author":[{"embeddable":true,"href":"https:\/\/portugueseplatform.pt\/2019\/wp-json\/wp\/v2\/users\/1"}],"replies":[{"embeddable":true,"href":"https:\/\/portugueseplatform.pt\/2019\/wp-json\/wp\/v2\/comments?post=177"}],"version-history":[{"count":99,"href":"https:\/\/portugueseplatform.pt\/2019\/wp-json\/wp\/v2\/pages\/177\/revisions"}],"predecessor-version":[{"id":1103,"href":"https:\/\/portugueseplatform.pt\/2019\/wp-json\/wp\/v2\/pages\/177\/revisions\/1103"}],"wp:attachment":[{"href":"https:\/\/portugueseplatform.pt\/2019\/wp-json\/wp\/v2\/media?parent=177"}],"curies":[{"name":"wp","href":"https:\/\/api.w.org\/{rel}","templated":true}]}}